{"id":124,"date":"2012-07-14T18:59:17","date_gmt":"2012-07-14T18:59:17","guid":{"rendered":"http:\/\/elg.is\/wordpress\/?page_id=124"},"modified":"2021-07-14T22:05:06","modified_gmt":"2021-07-14T22:05:06","slug":"about-elg","status":"publish","type":"page","link":"https:\/\/elg.is\/?page_id=124","title":{"rendered":"About Elg"},"content":{"rendered":"<p><em><strong>\u00a0<a href=\"http:\/\/elg.is\/?attachment_id=1149\" rel=\"attachment wp-att-1149\"><img loading=\"lazy\" decoding=\"async\" class=\"alignnone wp-image-1149\" src=\"http:\/\/elg.is\/wp-content\/uploads\/2012\/07\/elgcaving.jpg\" alt=\"elgcaving\" width=\"760\" height=\"469\" srcset=\"https:\/\/elg.is\/wp-content\/uploads\/2012\/07\/elgcaving.jpg 760w, https:\/\/elg.is\/wp-content\/uploads\/2012\/07\/elgcaving-300x185.jpg 300w, https:\/\/elg.is\/wp-content\/uploads\/2012\/07\/elgcaving-80x50.jpg 80w\" sizes=\"(max-width: 760px) 100vw, 760px\" \/><\/a><\/strong><\/em><\/p>\n<p>Ellert Gr\u00e9tarsson(elg) is nature photographer and conservationist living in Iceland.<br \/>\nHe has traveled widely in Iceland and obtained wide recognition for his photos of<br \/>\nIceland\u00b4s nature and landscapes. Mr. Gr\u00e9tarsson has held exhibitions of his work both<br \/>\nin Iceland and abroad and received international recognition and awards for his<br \/>\nphotography.<\/p>\n<p>Email:<a href=\"e&#108;&#x67;&#x40;el&#x67;&#x2e;is\">elg(at)elg.is<\/a><\/p>\n<p><strong>B\u00e6kur\/Books:<\/strong><\/p>\n<div class=\"row\"> <div class=\"col-md-4\">\n<p><a href=\"https:\/\/elg.is\/?attachment_id=3503\" rel=\"attachment wp-att-3503\"><img loading=\"lazy\" decoding=\"async\" class=\"alignnone  wp-image-3503\" src=\"https:\/\/elg.is\/wp-content\/uploads\/2021\/04\/kapa-island.jpg\" alt=\"\" width=\"342\" height=\"299\" srcset=\"https:\/\/elg.is\/wp-content\/uploads\/2021\/04\/kapa-island.jpg 700w, https:\/\/elg.is\/wp-content\/uploads\/2021\/04\/kapa-island-300x262.jpg 300w\" sizes=\"(max-width: 342px) 100vw, 342px\" \/><\/a><\/p>\n<p><strong>\u00cdsland &#8211; n\u00e1tt\u00fara og undur.<\/strong><br \/>\n\u00datg\u00e1fu\u00e1r 2020.<\/p>\n<\/div><div class=\"col-md-4\">\n<p><a href=\"https:\/\/elg.is\/?attachment_id=3502\" rel=\"attachment wp-att-3502\"><img loading=\"lazy\" decoding=\"async\" class=\"alignnone  wp-image-3502\" src=\"https:\/\/elg.is\/wp-content\/uploads\/2021\/04\/kapa-reykjames.jpg\" alt=\"\" width=\"342\" height=\"296\" srcset=\"https:\/\/elg.is\/wp-content\/uploads\/2021\/04\/kapa-reykjames.jpg 700w, https:\/\/elg.is\/wp-content\/uploads\/2021\/04\/kapa-reykjames-300x260.jpg 300w\" sizes=\"(max-width: 342px) 100vw, 342px\" \/><\/a><\/p>\n<p><strong>Reykjanesskagi &#8211; n\u00e1tt\u00fara og undur.<\/strong><br \/>\n\u00datg\u00e1fu\u00e1r 2018.<\/p>\n<\/div><div class=\"col-md-4\">\n<\/div><\/div>\n<p><strong>Awards:<\/strong><\/p>\n<p>PX3 Prix De La Photographie Paris 2006<br \/>\n<strong>Nature Photographer of the year.<\/strong><br \/>\nA\u00f0alver\u00f0laun \u00ed \u00feremur flokkum \u00ed<br \/>\nPX3 lj\u00f3smyndakeppninni \u00ed Par\u00eds 2008<br \/>\nfyrir n\u00e1tt\u00farulj\u00f3smyndum \u00ed flokki atvinnumanna.<\/p>\n<p>First prize winner in Professional Nature Category,<br \/>\nPX3 Competition in Paris 2008<\/p>\n<p><a href=\"http:\/\/elg.is\/?attachment_id=1150\" rel=\"attachment wp-att-1150\"><img loading=\"lazy\" decoding=\"async\" class=\"alignnone size-full wp-image-1150\" src=\"http:\/\/elg.is\/wp-content\/uploads\/2012\/07\/winnerlogo.jpg\" alt=\"winnerlogo\" width=\"300\" height=\"165\" \/><\/a><\/p>\n<p>18 Honorable Mention vi\u00f0urkenningar<br \/>\n\u00ed\u00a0 International Photography\u00a0 Awards<br \/>\n2007 og 2008.<br \/>\n\u00ed flokki atvinnumanna \u00ed\u00a0 n\u00e1tt\u00farulj\u00f3smyndun.<br \/>\n&#8211;<br \/>\nTotal 18 Honorable Mentions in International Photography\u00a0 Awards 2007 and 2008.<\/p>\n<p><a href=\"http:\/\/elg.is\/?attachment_id=1151\" rel=\"attachment wp-att-1151\"><img loading=\"lazy\" decoding=\"async\" class=\"alignnone size-full wp-image-1151\" src=\"http:\/\/elg.is\/wp-content\/uploads\/2012\/07\/hmention08.jpg\" alt=\"hmention08\" width=\"280\" height=\"198\" \/><\/a><\/p>\n<p><strong>Helstu s\u00fdningar\/Main exhibits:<\/strong><\/p>\n<p><strong>Eldur og \u00eds<\/strong><br \/>\nDuush\u00fas Reykjanesb\u00e6<br \/>\n2. &#8211; 19. september 2010.<\/p>\n<p><strong>Los Angeles Center for Digital Arts<\/strong><br \/>\nSnap to Grid 2008 &#8211; Sams\u00fdning &#8211; Okt. 2008.<\/p>\n<p><strong>F\u00f3t\u00f3graf\u00ed lj\u00f3smyndagaller\u00ed<\/strong><br \/>\nSk\u00f3lav\u00f6r\u00f0ust\u00edg 4, Reykjav\u00edk<br \/>\nF\u00e9s og f\u00edg\u00farur<br \/>\nSeptember 2007 &#8211; Einkas\u00fdning.<\/p>\n<p><strong>Acte 2 Galerie &#8211; Par\u00eds<\/strong><br \/>\nSams\u00fdning vinningshafa \u00ed PX3 2008.<br \/>\nJ\u00fan\u00ed 2008.<\/p>\n<p><strong>Listasalur Saltfisksetursins, Grindav\u00edk.<\/strong><br \/>\n5. &#8211; 22. jan\u00faar 2008 &#8211; Einkas\u00fdning.<\/p>\n<p><strong>Galeria Zero<\/strong><br \/>\nBarcelona<br \/>\n4 Photographers &#8211; sams\u00fdning 4ra lj\u00f3smyndara, sept 2007<\/p>\n<p><strong>Los Angeles Center for Digital Arts<\/strong><br \/>\nSnap to Grid &#8211; Sams\u00fdning &#8211; sept 2007.<\/p>\n<p><strong>Galeria Zero<\/strong><br \/>\nBarcelona<br \/>\nGestos &#8211; sams\u00fdning, j\u00fan\u00ed 2007.<\/p>\n<p><strong>Limner Gallery, New York<\/strong><br \/>\nShow of Heads &#8211; Sams\u00fdning<br \/>\nN\u00f3vember 2006.<\/p>\n<p><strong>Renaissance Gallery<\/strong><br \/>\nNarrows Center for the Arts,<br \/>\nFall River, Massachuttes.<br \/>\nSeptember 2006 \u2013 Einkas\u00fdning.<\/p>\n<p><strong>Lassedra Gallery, Sofia B\u00falgar\u00edu<\/strong><br \/>\nLassedra World Art Print Annual &#8211; Al\u00fej\u00f3\u00f0leg sams\u00fdning.<br \/>\nJ\u00fan\u00ed 2006.<\/p>\n<p><strong>Lassedra World Art Print Annual<\/strong> &#8211; Al\u00fej\u00f3\u00f0leg sams\u00fdning<br \/>\nNational Palace of Culture, Sofia, B\u00falgar\u00edu &#8211; J\u00fan\u00ed 2005.<\/p>\n","protected":false},"excerpt":{"rendered":"<p>\u00a0 Ellert Gr\u00e9tarsson(elg) is nature photographer and conservationist living in Iceland. He has traveled widely in Iceland and obtained wide recognition for his photos of Iceland\u00b4s nature and landscapes. Mr. Gr\u00e9tarsson has held exhibitions of his work both in Iceland &hellip; <a href=\"https:\/\/elg.is\/?page_id=124\">Continued<\/a><\/p>\n","protected":false},"author":2,"featured_media":0,"parent":0,"menu_order":0,"comment_status":"open","ping_status":"open","template":"page-fullwidth.php","meta":{"kt_blocks_editor_width":"","jetpack_post_was_ever_published":false,"footnotes":""},"jetpack_sharing_enabled":true,"jetpack_shortlink":"https:\/\/wp.me\/P9GOIz-20","jetpack_likes_enabled":true,"_links":{"self":[{"href":"https:\/\/elg.is\/index.php?rest_route=\/wp\/v2\/pages\/124"}],"collection":[{"href":"https:\/\/elg.is\/index.php?rest_route=\/wp\/v2\/pages"}],"about":[{"href":"https:\/\/elg.is\/index.php?rest_route=\/wp\/v2\/types\/page"}],"author":[{"embeddable":true,"href":"https:\/\/elg.is\/index.php?rest_route=\/wp\/v2\/users\/2"}],"replies":[{"embeddable":true,"href":"https:\/\/elg.is\/index.php?rest_route=%2Fwp%2Fv2%2Fcomments&post=124"}],"version-history":[{"count":30,"href":"https:\/\/elg.is\/index.php?rest_route=\/wp\/v2\/pages\/124\/revisions"}],"predecessor-version":[{"id":3727,"href":"https:\/\/elg.is\/index.php?rest_route=\/wp\/v2\/pages\/124\/revisions\/3727"}],"wp:attachment":[{"href":"https:\/\/elg.is\/index.php?rest_route=%2Fwp%2Fv2%2Fmedia&parent=124"}],"curies":[{"name":"wp","href":"https:\/\/api.w.org\/{rel}","templated":true}]}}